{"id":9605,"date":"2023-05-10T10:04:57","date_gmt":"2024-03-22T15:22:20","guid":{"rendered":"https:\/\/shop.in-es.com\/sito\/prodotto\/demi-lune-1-chrome\/"},"modified":"2026-04-01T00:06:13","modified_gmt":"2026-04-01T00:06:13","slug":"mezza-luna-1-chrome","status":"publish","type":"product","link":"https:\/\/shop.in-es.com\/fr\/prodotto\/mezza-luna-1-chrome\/","title":{"rendered":"Mezza Luna 1 Chrome"},"content":{"rendered":"<p style=\"text-align: left;\">In-es.artdesign cr\u00e9e p\u00e9riodiquement des s\u00e9ries sp\u00e9ciales des meilleurs vendeurs de sa collection. Ce sont des lampes enrichies de nouvelles finitions, choisies par notre designer principal O\u00e7ilunam et produites en \u00e9dition limit\u00e9e et num\u00e9rot\u00e9e qui transforment l&rsquo;espace en sc\u00e9narios \u00e9vocateurs, harmonisant les combinaisons de lumi\u00e8re et de mat\u00e9riaux avec des solutions con\u00e7ues, raisonn\u00e9es et con\u00e7ues dans un dialogue continu entre fonctions, expressions. in\u00e9dit, diff\u00e9rences, vibrations ed <strong>des \u00e9quilibres savamment orchestr\u00e9s. <\/strong>Les lampes In-es.artdesign, dans leur identit\u00e9 mat\u00e9rielle, physique et esth\u00e9tique, rendent la lumi\u00e8re tangible et valorisent l&rsquo;espace virtuel qu&rsquo;elles g\u00e9n\u00e8rent.<\/p>\n<p style=\"text-align: left;\">Dimensions du diffuseur : \u00d8 70 cm x 33 cm<br \/>\nDimensions rosace : \u00d8 12 cm x 4,5 cm<br \/>\nMat\u00e9riaux : lapr\u00e8ne, acier, n\u00e9bulite<br \/>\nAmpoule : E27 (max 100w) rec. LED 13w \u2013 non incluse<br \/>\nCouleur ext\u00e9rieure : argent chrom\u00e9<br \/>\nCouleur interne : jaune, magenta, bleu, vert<br \/>\nCouleur du c\u00e2ble : transparent<br \/>\nLongueur du c\u00e2ble : 130 cm<br \/>\nType de produit : suspension<br \/>\nDimensions emballage : 73 cm x 73 cm x 40 cm \/ 7 kg<\/p>\n","protected":false},"excerpt":{"rendered":"<p style=\"text-align: center;\">&lsquo; <strong>Mezza Luna 1 Cromo<\/strong> &lsquo;, une suspension au design pur et \u00e9vocateur, est r\u00e9alis\u00e9e en N\u00e9bulite. L&rsquo;ext\u00e9rieur chrom\u00e9 argent\u00e9 cr\u00e9e un contraste int\u00e9ressant avec l&rsquo;int\u00e9rieur. Disponible en quatre couleurs.<\/p>\n<p>&nbsp;<\/p>\n<p style=\"text-align: center;\">*Exp\u00e9dition gratuite<\/p>\n","protected":false},"featured_media":8212,"template":"","meta":[],"product_cat":[344],"product_tag":[],"class_list":{"0":"post-9605","1":"product","2":"type-product","3":"status-publish","4":"has-post-thumbnail","6":"product_cat-editions-limitees","7":"product_shipping_class-livraison-gratuite","9":"first","10":"instock","11":"taxable","12":"shipping-taxable","13":"purchasable","14":"product-type-variable","15":"layout-style-2","16":"col-md-4 col-sm-4 col-xs-6","17":"col-lg-3","18":"product-has-gallery","19":"product-style-default"},"_links":{"self":[{"href":"https:\/\/shop.in-es.com\/fr\/wp-json\/wp\/v2\/product\/9605","targetHints":{"allow":["GET"]}}],"collection":[{"href":"https:\/\/shop.in-es.com\/fr\/wp-json\/wp\/v2\/product"}],"about":[{"href":"https:\/\/shop.in-es.com\/fr\/wp-json\/wp\/v2\/types\/product"}],"wp:featuredmedia":[{"embeddable":true,"href":"https:\/\/shop.in-es.com\/fr\/wp-json\/wp\/v2\/media\/8212"}],"wp:attachment":[{"href":"https:\/\/shop.in-es.com\/fr\/wp-json\/wp\/v2\/media?parent=9605"}],"wp:term":[{"taxonomy":"product_cat","embeddable":true,"href":"https:\/\/shop.in-es.com\/fr\/wp-json\/wp\/v2\/product_cat?post=9605"},{"taxonomy":"product_tag","embeddable":true,"href":"https:\/\/shop.in-es.com\/fr\/wp-json\/wp\/v2\/product_tag?post=9605"}],"curies":[{"name":"wp","href":"https:\/\/api.w.org\/{rel}","templated":true}]}}